{"id":8118,"date":"2021-05-28T16:02:51","date_gmt":"2021-05-28T14:02:51","guid":{"rendered":"https:\/\/www.n-news.de\/\/?page_id=8118"},"modified":"2024-02-04T09:33:07","modified_gmt":"2024-02-04T08:33:07","slug":"n-news-de-in-den-medien","status":"publish","type":"page","link":"https:\/\/www.n-news.de\/?page_id=8118","title":{"rendered":"N-News.de in den Medien"},"content":{"rendered":"<p><b>Beispiele<\/b><\/p>\n<div id=\"attachment_74010\" style=\"width: 610px\" class=\"wp-caption alignleft\"><img aria-describedby=\"caption-attachment-74010\" loading=\"lazy\" src=\"https:\/\/www.n-news.de\/wp-content\/uploads\/2013\/05\/travmedia.com_26.12.2016.jpg\" alt=\"\" width=\"600\" height=\"259\" class=\"size-full wp-image-74010\" srcset=\"https:\/\/www.n-news.de\/wp-content\/uploads\/2013\/05\/travmedia.com_26.12.2016.jpg 600w, https:\/\/www.n-news.de\/wp-content\/uploads\/2013\/05\/travmedia.com_26.12.2016-300x130.jpg 300w\" sizes=\"(max-width: 600px) 100vw, 600px\" \/><p id=\"caption-attachment-74010\" class=\"wp-caption-text\">TravMedia Mediennetzwerk, Dezember 2016<\/p><\/div>\n<div id=\"attachment_65287\" style=\"width: 348px\" class=\"wp-caption alignleft\"><img aria-describedby=\"caption-attachment-65287\" loading=\"lazy\" class=\"size-full wp-image-65287\" src=\"https:\/\/www.n-news.de\/wp-content\/uploads\/2013\/05\/2016-04-04-20.07.45.jpg\" alt=\"April 2016\" width=\"338\" height=\"600\" srcset=\"https:\/\/www.n-news.de\/wp-content\/uploads\/2013\/05\/2016-04-04-20.07.45.jpg 338w, https:\/\/www.n-news.de\/wp-content\/uploads\/2013\/05\/2016-04-04-20.07.45-169x300.jpg 169w\" sizes=\"(max-width: 338px) 100vw, 338px\" \/><p id=\"caption-attachment-65287\" class=\"wp-caption-text\">April 2016<\/p><\/div>\n<p><strong>Engagement als Konzertfotograf<\/strong><\/p>\n<p>In der Facebook-Gruppe &#8222;Konzertfotografie Deutschland&#8220;, Mitglieder sind \u00fcber 200 professionelle Fotografen aus dem gesamten Bundesgebiet, stammt das aktuelle Facebook-Gruppenfoto von Martin Schechler.<\/p>\n<p>Das Foto zeigt Rudolf Schenker von den Scorpions mit Fans und Fotografen bei der Arbeit im &#8218;Graben&#8216;, aufgenommen in Stuttgart M\u00e4rz 2016.<\/p>\n<blockquote><p>Eine besondere Auszeichnung vor dem Hintergrund der Mitglieder. Ich freue mich dar\u00fcber sehr, danke.<br \/>\nMartin Schechler<\/p><\/blockquote>\n<p>&nbsp;<\/p>\n<p>&nbsp;<\/p>\n<p>&nbsp;<\/p>\n<p>&nbsp;<\/p>\n<p>&nbsp;<\/p>\n<p>&nbsp;<\/p>\n<p>&nbsp;<\/p>\n<p>&nbsp;<\/p>\n<p>&nbsp;<\/p>\n<p>&nbsp;<\/p>\n<p>&nbsp;<\/p>\n<p>&nbsp;<\/p>\n<div id=\"attachment_106557\" style=\"width: 610px\" class=\"wp-caption alignleft\"><img aria-describedby=\"caption-attachment-106557\" loading=\"lazy\" src=\"https:\/\/www.n-news.de\/wp-content\/uploads\/2022\/01\/N-News.de_in-the_Media_Elchinville-Destillery-600x414-1.jpg\" alt=\"\" width=\"600\" height=\"414\" class=\"size-full wp-image-106557\" srcset=\"https:\/\/www.n-news.de\/wp-content\/uploads\/2022\/01\/N-News.de_in-the_Media_Elchinville-Destillery-600x414-1.jpg 600w, https:\/\/www.n-news.de\/wp-content\/uploads\/2022\/01\/N-News.de_in-the_Media_Elchinville-Destillery-600x414-1-300x207.jpg 300w\" sizes=\"(max-width: 600px) 100vw, 600px\" \/><p id=\"caption-attachment-106557\" class=\"wp-caption-text\">Nordirland, 2016<\/p><\/div>\n<p>Mehr dazu auch unter <a href=\"https:\/\/www.n-news.de\/\/?p=65577\">https:\/\/www.n-news.de\/\/?p=65577<\/a><\/p>\n<div id=\"attachment_43237\" style=\"width: 610px\" class=\"wp-caption alignleft\"><img aria-describedby=\"caption-attachment-43237\" loading=\"lazy\" class=\"size-full wp-image-43237\" src=\"https:\/\/www.n-news.de\/wp-content\/uploads\/2015\/08\/patrasnews.png\" alt=\"Griechenland, 2015\" width=\"600\" height=\"678\" \/><p id=\"caption-attachment-43237\" class=\"wp-caption-text\">Griechenland, 2015<\/p><\/div>\n<p>Mehr dazu auch unter <a href=\"https:\/\/www.n-news.de\/\/?p=43373\">https:\/\/www.n-news.de\/\/?p=43373<\/a><\/p>\n<p>Das pers\u00f6nliche Engagement von Martin Schechler, N-News.de als Berater zur F\u00f6rderung des griechischen Tourismus wurde in griechischen Zeitungen landesweit gew\u00fcrdigt. Hier einige Ausschnitte:<\/p>\n<div id=\"attachment_51872\" style=\"width: 610px\" class=\"wp-caption alignleft\"><img aria-describedby=\"caption-attachment-51872\" loading=\"lazy\" class=\"size-full wp-image-51872\" src=\"https:\/\/www.n-news.de\/wp-content\/uploads\/2015\/09\/\u0393\u0395\u03a1\u039c\u0391\u039d\u0399\u0391-\u0399\u0399\u0399.jpg\" alt=\"Griechische Zeitungsausschnitte, 2015\" width=\"600\" height=\"433\" \/><p id=\"caption-attachment-51872\" class=\"wp-caption-text\">Griechische Zeitungsausschnitte, 2015<\/p><\/div>\n<div id=\"attachment_28266\" style=\"width: 610px\" class=\"wp-caption alignleft\"><img aria-describedby=\"caption-attachment-28266\" loading=\"lazy\" class=\"size-full wp-image-28266\" src=\"https:\/\/www.n-news.de\/wp-content\/uploads\/2013\/05\/RSPS_Foto_PR-Oberschwaben.jpg\" alt=\"Oberschwaben, 2015\" width=\"600\" height=\"455\" srcset=\"https:\/\/www.n-news.de\/wp-content\/uploads\/2013\/05\/RSPS_Foto_PR-Oberschwaben.jpg 600w, https:\/\/www.n-news.de\/wp-content\/uploads\/2013\/05\/RSPS_Foto_PR-Oberschwaben-300x228.jpg 300w\" sizes=\"(max-width: 600px) 100vw, 600px\" \/><p id=\"caption-attachment-28266\" class=\"wp-caption-text\">Oberschwaben, 2015<\/p><\/div>\n<div id=\"attachment_8125\" style=\"width: 610px\" class=\"wp-caption alignleft\"><img aria-describedby=\"caption-attachment-8125\" loading=\"lazy\" class=\"size-full wp-image-8125\" src=\"https:\/\/www.n-news.de\/wp-content\/uploads\/2013\/05\/Co.Clare_LoopHeadLighthouse_04-2013.jpg\" alt=\"Irland Co.Clare\" width=\"600\" height=\"343\" \/><p id=\"caption-attachment-8125\" class=\"wp-caption-text\">Irland County Clare, 2013<\/p><\/div>\n<div id=\"attachment_28269\" style=\"width: 610px\" class=\"wp-caption alignleft\"><img aria-describedby=\"caption-attachment-28269\" loading=\"lazy\" class=\"size-full wp-image-28269\" src=\"https:\/\/www.n-news.de\/wp-content\/uploads\/2013\/05\/Derry-Journal.jpg\" alt=\"Nordirland Derry, 2013\" width=\"600\" height=\"486\" srcset=\"https:\/\/www.n-news.de\/wp-content\/uploads\/2013\/05\/Derry-Journal.jpg 600w, https:\/\/www.n-news.de\/wp-content\/uploads\/2013\/05\/Derry-Journal-300x243.jpg 300w\" sizes=\"(max-width: 600px) 100vw, 600px\" \/><p id=\"caption-attachment-28269\" class=\"wp-caption-text\">Nordirland Derry, 2013<\/p><\/div>\n<div class=\"twoclick_social_bookmarks_post_8118 social_share_privacy clearfix 1.6.4 locale-de_DE sprite-de_DE\"><\/div><div class=\"twoclick-js\"><script type=\"text\/javascript\">\/* <![CDATA[ *\/\njQuery(document).ready(function($){if($('.twoclick_social_bookmarks_post_8118')){$('.twoclick_social_bookmarks_post_8118').socialSharePrivacy({\"services\":{\"facebook\":{\"status\":\"on\",\"txt_info\":\"\",\"perma_option\":\"off\",\"action\":\"like\",\"language\":\"de_DE\"},\"twitter\":{\"reply_to\":\"nnews_de\",\"tweet_text\":\"N-News.de%20in%20den%20Medien%20%C2%BB%20N-News.de\",\"status\":\"on\",\"txt_info\":\"\",\"perma_option\":\"off\",\"language\":\"de\",\"referrer_track\":\"\"},\"gplus\":{\"status\":\"on\",\"txt_info\":\"\",\"perma_option\":\"off\",\"referrer_track\":\"\"},\"pinterest\":{\"status\":\"on\",\"the_excerpt\":\"N-News.de in den Medien &raquo; Beispiele\\r\\n\\r\\n\\r\\n\\r\\n\\r\\n\\r\\nEngagement als Konzertfotograf\\r\\n\\r\\nIn der Face ...\",\"txt_info\":\"\",\"perma_option\":\"off\",\"media\":\"https:\\\/\\\/www.n-news.de\\\/wp-content\\\/uploads\\\/2021\\\/11\\\/n-news_base.jpg\"},\"linkedin\":{\"status\":\"on\",\"txt_info\":\"2 Klicks f\\u00fcr mehr Datenschutz: Erst wenn Sie hier klicken, wird der Button aktiv und Sie k\\u00f6nnen Ihre Empfehlung an LinkedIn senden. Schon beim Aktivieren werden Daten an Dritte \\u00fcbertragen - siehe <em>i<\\\/em>.\",\"perma_option\":\"off\"}},\"txt_help\":\"\",\"settings_perma\":\"\",\"info_link\":\"\",\"uri\":\"https:\\\/\\\/www.n-news.de\\\/?page_id=8118\",\"post_id\":8118,\"post_title_referrer_track\":\"N-News.de+in+den+Medien\",\"display_infobox\":\"on\"});}});\n\/* ]]> *\/<\/script><\/div>","protected":false},"excerpt":{"rendered":"<p>Beispiele Engagement als Konzertfotograf In der Facebook-Gruppe &#8222;Konzertfotografie Deutschland&#8220;, Mitglieder sind \u00fcber 200 professionelle Fotografen aus dem gesamten Bundesgebiet, stammt das aktuelle Facebook-Gruppenfoto von Martin Schechler. Das Foto zeigt Rudolf Schenker von den Scorpions mit Fans und Fotografen bei der Arbeit im &#8218;Graben&#8216;, aufgenommen in Stuttgart M\u00e4rz 2016. Eine besondere Auszeichnung vor dem Hintergrund der [&hellip;]<\/p>\n","protected":false},"author":2,"featured_media":105398,"parent":47,"menu_order":4,"comment_status":"closed","ping_status":"open","template":"","meta":[],"_links":{"self":[{"href":"https:\/\/www.n-news.de\/index.php?rest_route=\/wp\/v2\/pages\/8118"}],"collection":[{"href":"https:\/\/www.n-news.de\/index.php?rest_route=\/wp\/v2\/pages"}],"about":[{"href":"https:\/\/www.n-news.de\/index.php?rest_route=\/wp\/v2\/types\/page"}],"author":[{"embeddable":true,"href":"https:\/\/www.n-news.de\/index.php?rest_route=\/wp\/v2\/users\/2"}],"replies":[{"embeddable":true,"href":"https:\/\/www.n-news.de\/index.php?rest_route=%2Fwp%2Fv2%2Fcomments&post=8118"}],"version-history":[{"count":0,"href":"https:\/\/www.n-news.de\/index.php?rest_route=\/wp\/v2\/pages\/8118\/revisions"}],"up":[{"embeddable":true,"href":"https:\/\/www.n-news.de\/index.php?rest_route=\/wp\/v2\/pages\/47"}],"wp:featuredmedia":[{"embeddable":true,"href":"https:\/\/www.n-news.de\/index.php?rest_route=\/wp\/v2\/media\/105398"}],"wp:attachment":[{"href":"https:\/\/www.n-news.de\/index.php?rest_route=%2Fwp%2Fv2%2Fmedia&parent=8118"}],"curies":[{"name":"wp","href":"https:\/\/api.w.org\/{rel}","templated":true}]}}